{"id":17801,"date":"2020-11-30T14:00:01","date_gmt":"2020-11-30T14:00:01","guid":{"rendered":"https:\/\/hangar.com.pt\/loja\/caliba-e-a-bruxa\/"},"modified":"2023-12-22T14:28:03","modified_gmt":"2023-12-22T14:28:03","slug":"caliba-e-a-bruxa","status":"publish","type":"product","link":"http:\/\/hangar.com.pt\/en\/loja\/caliba-e-a-bruxa\/","title":{"rendered":"Calib\u00e3 e a Bruxa &#8211; As Mulheres, o corpo e a acumula\u00e7\u00e3o original<br>Silvia Federici"},"content":{"rendered":"","protected":false},"excerpt":{"rendered":"<p><strong>CALIB\u00c3 E A BRUXA<\/strong>, ensaio centrado na transi\u00e7\u00e3o do feudalismo para o capitalismo e na concomitante ca\u00e7a \u00e0s bruxas e expans\u00e3o colonial, descreve-nos uma longa hist\u00f3ria de explora\u00e7\u00e3o e resist\u00eancia. A partir de uma vasta pesquisa iconogr\u00e1fica e documental, Silvia Federici revela como o despontar do capitalismo exigiu um ataque genocida \u00e0s mulheres, a aniquila\u00e7\u00e3o das revoltas camponesas, o tr\u00e1fico de escravos e a expropria\u00e7\u00e3o de terras e saberes comuns. Uma obra incontorn\u00e1vel, dedicada aos corpos rebeldes dos subalternos \u2013 aqui personificados pelas figuras de Calib\u00e3 e da Bruxa \u2013, cujas vozes continuam a ressoar nos protestos contra a viol\u00eancia original ainda em curso.<\/p>\n<p><strong>SILVIA FEDERICI<\/strong> \u00e9 uma activista feminista, professora e escritora. Figura de destaque na campanha internacional a favor do sal\u00e1rio para o trabalho dom\u00e9stico, desempenhou tamb\u00e9m, na d\u00e9cada de 1990, um papel importante no protesto contra as pol\u00edticas de \u00abajustamento estrutural\u00bb do Fundo Monet\u00e1rio Internacional no continente africano. Professora em\u00e9rita da Universidade de Hofstra, em Nova Iorque, tem publicado v\u00e1rios livros sobre hist\u00f3ria das mulheres, colonialismo, globaliza\u00e7\u00e3o e trabalho prec\u00e1rio, entre os quais se destaca CALIB\u00c3 E A BRUXA, um marco no debate do feminismo radical.<\/p>\n<p><strong>T\u00cdTULO ORIGINAL<\/strong> Caliban and the Witch \u2013 Women, the Body and Primitive Acumulation<br \/>\n<strong>TRADU\u00c7\u00c3O<\/strong> Pedro Morais<br \/>\n<strong>EDITORA<\/strong> ORFEU NEGRO<br \/>\n<strong>ANO DE EDI\u00c7\u00c3O<\/strong> 2020<br \/>\n<strong>N.\u00ba PP<\/strong>. 392<br \/>\n<strong>FORMATO<\/strong> 15 x 23 cm<br \/>\n<strong>EAN<\/strong> 9789898868794<\/p>\n","protected":false},"featured_media":17799,"template":"","meta":[],"product_cat":[193],"product_tag":[],"class_list":{"0":"post-17801","1":"product","2":"type-product","3":"status-publish","4":"has-post-thumbnail","6":"product_cat-livros","8":"first","9":"onbackorder","10":"taxable","11":"shipping-taxable","12":"purchasable","13":"product-type-simple"},"_links":{"self":[{"href":"http:\/\/hangar.com.pt\/en\/wp-json\/wp\/v2\/product\/17801","targetHints":{"allow":["GET"]}}],"collection":[{"href":"http:\/\/hangar.com.pt\/en\/wp-json\/wp\/v2\/product"}],"about":[{"href":"http:\/\/hangar.com.pt\/en\/wp-json\/wp\/v2\/types\/product"}],"wp:featuredmedia":[{"embeddable":true,"href":"http:\/\/hangar.com.pt\/en\/wp-json\/wp\/v2\/media\/17799"}],"wp:attachment":[{"href":"http:\/\/hangar.com.pt\/en\/wp-json\/wp\/v2\/media?parent=17801"}],"wp:term":[{"taxonomy":"product_cat","embeddable":true,"href":"http:\/\/hangar.com.pt\/en\/wp-json\/wp\/v2\/product_cat?post=17801"},{"taxonomy":"product_tag","embeddable":true,"href":"http:\/\/hangar.com.pt\/en\/wp-json\/wp\/v2\/product_tag?post=17801"}],"curies":[{"name":"wp","href":"https:\/\/api.w.org\/{rel}","templated":true}]}}